{"id":430,"date":"2023-05-11T11:03:26","date_gmt":"2023-05-11T09:03:26","guid":{"rendered":"https:\/\/dev.evopps.fr\/?page_id=430"},"modified":"2023-07-25T09:02:06","modified_gmt":"2023-07-25T07:02:06","slug":"politique-de-confidentialite","status":"publish","type":"page","link":"https:\/\/dev.evopps.fr\/index.php\/politique-de-confidentialite\/","title":{"rendered":"Politique de confidentialit\u00e9"},"content":{"rendered":"\t\t<div data-elementor-type=\"wp-page\" data-elementor-id=\"430\" class=\"elementor elementor-430\">\n\t\t\t\t\t\t\t<div class=\"elementor-element elementor-element-bbc5315 e-con-boxed e-flex e-con\" data-id=\"bbc5315\" data-element_type=\"container\" data-settings=\"{&quot;content_width&quot;:&quot;boxed&quot;}\">\n\t\t\t\t\t<div class=\"e-con-inner\">\n\t\t\t\t<div class=\"elementor-element elementor-element-be04db7 elementor-widget elementor-widget-heading\" data-id=\"be04db7\" data-element_type=\"widget\" data-widget_type=\"heading.default\">\n\t\t\t\t<div class=\"elementor-widget-container\">\n\t\t\t<style>\/*! elementor - v3.13.1 - 09-05-2023 *\/\n.elementor-heading-title{padding:0;margin:0;line-height:1}.elementor-widget-heading .elementor-heading-title[class*=elementor-size-]>a{color:inherit;font-size:inherit;line-height:inherit}.elementor-widget-heading .elementor-heading-title.elementor-size-small{font-size:15px}.elementor-widget-heading .elementor-heading-title.elementor-size-medium{font-size:19px}.elementor-widget-heading .elementor-heading-title.elementor-size-large{font-size:29px}.elementor-widget-heading .elementor-heading-title.elementor-size-xl{font-size:39px}.elementor-widget-heading .elementor-heading-title.elementor-size-xxl{font-size:59px}<\/style><p class=\"elementor-heading-title elementor-size-default\">Politique de confidentialit\u00e9<\/p>\t\t<\/div>\n\t\t\t\t<\/div>\n\t\t\t\t<div class=\"elementor-element elementor-element-362dd8e elementor-widget elementor-widget-text-editor\" data-id=\"362dd8e\" data-element_type=\"widget\" data-widget_type=\"text-editor.default\">\n\t\t\t\t<div class=\"elementor-widget-container\">\n\t\t\t<style>\/*! elementor - v3.13.1 - 09-05-2023 *\/\n.elementor-widget-text-editor.elementor-drop-cap-view-stacked .elementor-drop-cap{background-color:#69727d;color:#fff}.elementor-widget-text-editor.elementor-drop-cap-view-framed .elementor-drop-cap{color:#69727d;border:3px solid;background-color:transparent}.elementor-widget-text-editor:not(.elementor-drop-cap-view-default) .elementor-drop-cap{margin-top:8px}.elementor-widget-text-editor:not(.elementor-drop-cap-view-default) .elementor-drop-cap-letter{width:1em;height:1em}.elementor-widget-text-editor .elementor-drop-cap{float:left;text-align:center;line-height:1;font-size:50px}.elementor-widget-text-editor .elementor-drop-cap-letter{display:inline-block}<\/style>\t\t\t\t<p>Soucieux du respect de votre vie priv\u00e9e, la protection des donn\u00e9es personnelles est l\u2019une de nos pr\u00e9occupations majeures. Aussi la pr\u00e9sente politique a pour objectif de vous fournir une information concise et pertinente concernant les traitements de donn\u00e9es personnelles effectu\u00e9s pour la mise en \u0153uvre du site internet <a href=\"http:\/\/www.kaptiz.fr\">www.kaptiz.fr<\/a> et pour les services qu\u2019il propose.<\/p>\t\t\t\t\t\t<\/div>\n\t\t\t\t<\/div>\n\t\t\t\t\t<\/div>\n\t\t\t\t<\/div>\n\t\t<div class=\"elementor-element elementor-element-729ebd6 e-con-boxed e-flex e-con\" data-id=\"729ebd6\" data-element_type=\"container\" data-settings=\"{&quot;content_width&quot;:&quot;boxed&quot;}\">\n\t\t\t\t\t<div class=\"e-con-inner\">\n\t\t\t\t<div class=\"elementor-element elementor-element-4371cf1 elementor-widget elementor-widget-heading\" data-id=\"4371cf1\" data-element_type=\"widget\" data-widget_type=\"heading.default\">\n\t\t\t\t<div class=\"elementor-widget-container\">\n\t\t\t<p class=\"elementor-heading-title elementor-size-default\">1. d\u00e9finitions<\/p>\t\t<\/div>\n\t\t\t\t<\/div>\n\t\t\t\t<div class=\"elementor-element elementor-element-1c01080 elementor-widget elementor-widget-image\" data-id=\"1c01080\" data-element_type=\"widget\" data-widget_type=\"image.default\">\n\t\t\t\t<div class=\"elementor-widget-container\">\n\t\t\t<style>\/*! elementor - v3.13.1 - 09-05-2023 *\/\n.elementor-widget-image{text-align:center}.elementor-widget-image a{display:inline-block}.elementor-widget-image a img[src$=\".svg\"]{width:48px}.elementor-widget-image img{vertical-align:middle;display:inline-block}<\/style>\t\t\t\t\t\t\t\t\t\t\t\t<img loading=\"lazy\" decoding=\"async\" width=\"309\" height=\"20\" src=\"https:\/\/dev.evopps.fr\/wp-content\/uploads\/2023\/05\/Rectangle-136.png\" class=\"attachment-large size-large wp-image-184\" alt=\"barre_bleu\" srcset=\"https:\/\/dev.evopps.fr\/wp-content\/uploads\/2023\/05\/Rectangle-136.png 309w, https:\/\/dev.evopps.fr\/wp-content\/uploads\/2023\/05\/Rectangle-136-300x19.png 300w\" sizes=\"auto, (max-width: 309px) 100vw, 309px\" \/>\t\t\t\t\t\t\t\t\t\t\t\t\t\t\t<\/div>\n\t\t\t\t<\/div>\n\t\t\t\t<div class=\"elementor-element elementor-element-3d8eb8b elementor-widget elementor-widget-text-editor\" data-id=\"3d8eb8b\" data-element_type=\"widget\" data-widget_type=\"text-editor.default\">\n\t\t\t\t<div class=\"elementor-widget-container\">\n\t\t\t\t\t\t\t<p class=\"has-palette-color-3-color has-text-color\"><strong>Donn\u00e9es personnelles :<\/strong>\u00a0toute information relative \u00e0 une personne identifi\u00e9e ou identifiable directement ou indirectement (ci-apr\u00e8s, \u00ab donn\u00e9es \u00bb ou \u00ab donn\u00e9es personnelles \u00bb).<\/p><p class=\"has-palette-color-3-color has-text-color\"><strong>Traitement de donn\u00e9es personnelles :<\/strong>\u00a0toute op\u00e9ration portant sur des donn\u00e9es personnelles telles que la collecte, l\u2019enregistrement, l\u2019extraction, la modification, etc. (ci-apr\u00e8s, \u00ab traitement \u00bb ou \u00ab traitement de donn\u00e9es personnelles \u00bb).<\/p><p class=\"has-palette-color-3-color has-text-color\"><strong>Personnes concern\u00e9es :<\/strong>\u00a0toute personne physique dont les donn\u00e9es personnelles font l\u2019objet d\u2019un traitement (ci-apr\u00e8s, \u00ab vous \u00bb, \u00ab vos \u00bb ou \u00ab personnes concern\u00e9es \u00bb).<\/p><p class=\"has-palette-color-3-color has-text-color\"><strong>Responsable de traitement :<\/strong>\u00a0personne physique ou morale qui d\u00e9termine la finalit\u00e9 et les moyens du traitement.<\/p><p class=\"has-palette-color-3-color has-text-color\"><strong>D\u00e9l\u00e9gu\u00e9 \u00e0 la protection des Donn\u00e9es :<\/strong>\u00a0personne d\u00e9sign\u00e9e par le responsable de traitement pour notamment contr\u00f4ler le respect de la r\u00e9glementation, \u00eatre le point de contact pour les questions relatives aux droits des personnes concern\u00e9es et coop\u00e9rer avec la Commission nationale de l\u2019informatique et des libert\u00e9s (CNIL).<\/p><p class=\"has-palette-color-3-color has-text-color\"><strong>Cookies :<\/strong>\u00a0fichier informatique (traceur) d\u00e9pos\u00e9 et lu notamment suite \u00e0 la consultation d\u2019un site internet, la lecture d\u2019un courrier \u00e9lectronique, l\u2019utilisation d\u2019une application ou d\u2019un logiciel, quel que soit le terminal utilis\u00e9.<\/p>\t\t\t\t\t\t<\/div>\n\t\t\t\t<\/div>\n\t\t\t\t\t<\/div>\n\t\t\t\t<\/div>\n\t\t<div class=\"elementor-element elementor-element-8ab8f89 e-con-boxed e-flex e-con\" data-id=\"8ab8f89\" data-element_type=\"container\" data-settings=\"{&quot;content_width&quot;:&quot;boxed&quot;}\">\n\t\t\t\t\t<div class=\"e-con-inner\">\n\t\t\t\t<div class=\"elementor-element elementor-element-93164dc elementor-widget elementor-widget-heading\" data-id=\"93164dc\" data-element_type=\"widget\" data-widget_type=\"heading.default\">\n\t\t\t\t<div class=\"elementor-widget-container\">\n\t\t\t<p class=\"elementor-heading-title elementor-size-default\">2. Responsable du traitement<\/p>\t\t<\/div>\n\t\t\t\t<\/div>\n\t\t\t\t<div class=\"elementor-element elementor-element-eae9133 elementor-widget elementor-widget-image\" data-id=\"eae9133\" data-element_type=\"widget\" data-widget_type=\"image.default\">\n\t\t\t\t<div class=\"elementor-widget-container\">\n\t\t\t\t\t\t\t\t\t\t\t\t\t\t\t<img loading=\"lazy\" decoding=\"async\" width=\"309\" height=\"20\" src=\"https:\/\/dev.evopps.fr\/wp-content\/uploads\/2023\/05\/Rectangle-136.png\" class=\"attachment-large size-large wp-image-184\" alt=\"barre_bleu\" srcset=\"https:\/\/dev.evopps.fr\/wp-content\/uploads\/2023\/05\/Rectangle-136.png 309w, https:\/\/dev.evopps.fr\/wp-content\/uploads\/2023\/05\/Rectangle-136-300x19.png 300w\" sizes=\"auto, (max-width: 309px) 100vw, 309px\" \/>\t\t\t\t\t\t\t\t\t\t\t\t\t\t\t<\/div>\n\t\t\t\t<\/div>\n\t\t\t\t<div class=\"elementor-element elementor-element-bc049f8 elementor-widget elementor-widget-text-editor\" data-id=\"bc049f8\" data-element_type=\"widget\" data-widget_type=\"text-editor.default\">\n\t\t\t\t<div class=\"elementor-widget-container\">\n\t\t\t\t\t\t\t<p>EVOPPS, responsable du traitement de donn\u00e9es personnelles du Site internet Kaptiz.fr relatif \u00e0 la communication externe au sens du R\u00e8glement (UE) 2016\/679 du 27 avril 2016, s\u2019engage \u00e0 mettre en \u0153uvre les mesures appropri\u00e9es afin de prot\u00e9ger vos donn\u00e9es personnelles et \u00e0 respecter la r\u00e9glementation en vigueur.<\/p>\t\t\t\t\t\t<\/div>\n\t\t\t\t<\/div>\n\t\t\t\t\t<\/div>\n\t\t\t\t<\/div>\n\t\t<div class=\"elementor-element elementor-element-bb12e18 e-con-boxed e-flex e-con\" data-id=\"bb12e18\" data-element_type=\"container\" data-settings=\"{&quot;content_width&quot;:&quot;boxed&quot;}\">\n\t\t\t\t\t<div class=\"e-con-inner\">\n\t\t\t\t<div class=\"elementor-element elementor-element-87b34ef elementor-widget elementor-widget-heading\" data-id=\"87b34ef\" data-element_type=\"widget\" data-widget_type=\"heading.default\">\n\t\t\t\t<div class=\"elementor-widget-container\">\n\t\t\t<p class=\"elementor-heading-title elementor-size-default\">3. fondement et finalit\u00e9 des traitements de donn\u00e9es personnelles collect\u00e9es en tant que responsable de traitement<\/p>\t\t<\/div>\n\t\t\t\t<\/div>\n\t\t\t\t<div class=\"elementor-element elementor-element-33b0381 elementor-widget elementor-widget-image\" data-id=\"33b0381\" data-element_type=\"widget\" data-widget_type=\"image.default\">\n\t\t\t\t<div class=\"elementor-widget-container\">\n\t\t\t\t\t\t\t\t\t\t\t\t\t\t\t<img loading=\"lazy\" decoding=\"async\" width=\"309\" height=\"20\" src=\"https:\/\/dev.evopps.fr\/wp-content\/uploads\/2023\/05\/Rectangle-136.png\" class=\"attachment-large size-large wp-image-184\" alt=\"barre_bleu\" srcset=\"https:\/\/dev.evopps.fr\/wp-content\/uploads\/2023\/05\/Rectangle-136.png 309w, https:\/\/dev.evopps.fr\/wp-content\/uploads\/2023\/05\/Rectangle-136-300x19.png 300w\" sizes=\"auto, (max-width: 309px) 100vw, 309px\" \/>\t\t\t\t\t\t\t\t\t\t\t\t\t\t\t<\/div>\n\t\t\t\t<\/div>\n\t\t\t\t<div class=\"elementor-element elementor-element-682a57b elementor-widget elementor-widget-text-editor\" data-id=\"682a57b\" data-element_type=\"widget\" data-widget_type=\"text-editor.default\">\n\t\t\t\t<div class=\"elementor-widget-container\">\n\t\t\t\t\t\t\t<table><tbody><tr><td><p><span style=\"font-weight: 400;\">Finalit\u00e9<\/span><\/p><\/td><td><p><span style=\"font-weight: 400;\">Donn\u00e9es collect\u00e9es<\/span><\/p><\/td><td><p><span style=\"font-weight: 400;\">Base l\u00e9gale<\/span><\/p><\/td><td><p><span style=\"font-weight: 400;\">Dur\u00e9e de conservation<\/span><\/p><\/td><\/tr><tr><td><p><span style=\"font-weight: 400;\">Cr\u00e9ation et gestion de compte Kaptiz<\/span><\/p><\/td><td><p><span style=\"font-weight: 400;\">Identifiant<br \/><\/span><span style=\"font-size: inherit; text-align: inherit; background-color: var(--palettecolor8); color: var(--color); font-family: var(--fontFamily); font-style: var(--fontStyle, inherit); letter-spacing: var(--letterSpacing); text-transform: var(--textTransform);\">Mot de passe<br \/><\/span><span style=\"font-size: inherit; text-align: inherit; background-color: var(--palettecolor8); color: var(--color); font-family: var(--fontFamily); font-style: var(--fontStyle, inherit); letter-spacing: var(--letterSpacing); text-transform: var(--textTransform);\">Nom\u00a0<br \/><\/span><span style=\"font-size: inherit; text-align: inherit; background-color: var(--palettecolor8); color: var(--color); font-family: var(--fontFamily); font-style: var(--fontStyle, inherit); letter-spacing: var(--letterSpacing); text-transform: var(--textTransform);\">Pr\u00e9nom<br \/><\/span><span style=\"font-size: inherit; text-align: inherit; background-color: var(--palettecolor8); color: var(--color); font-family: var(--fontFamily); font-style: var(--fontStyle, inherit); letter-spacing: var(--letterSpacing); text-transform: var(--textTransform);\">Email<br \/><\/span><span style=\"font-size: inherit; text-align: inherit; background-color: var(--palettecolor8); color: var(--color); font-family: var(--fontFamily); font-style: var(--fontStyle, inherit); letter-spacing: var(--letterSpacing); text-transform: var(--textTransform);\">Organisation<br \/><\/span><span style=\"font-size: inherit; text-align: inherit; background-color: var(--palettecolor8); color: var(--color); font-family: var(--fontFamily); font-style: var(--fontStyle, inherit); letter-spacing: var(--letterSpacing); text-transform: var(--textTransform);\">Adresse, CP et ville<br \/><\/span><span style=\"font-size: inherit; text-align: inherit; background-color: var(--palettecolor8); color: var(--color); font-family: var(--fontFamily); font-style: var(--fontStyle, inherit); letter-spacing: var(--letterSpacing); text-transform: var(--textTransform);\">T\u00e9l\u00e9phone<br \/><\/span><span style=\"font-size: inherit; text-align: inherit; background-color: var(--palettecolor8); color: var(--color); font-family: var(--fontFamily); font-style: var(--fontStyle, inherit); letter-spacing: var(--letterSpacing); text-transform: var(--textTransform);\">Signature \u00e9lectronique<br \/><\/span><span style=\"font-size: inherit; text-align: inherit; background-color: var(--palettecolor8); color: var(--color); font-family: var(--fontFamily); font-style: var(--fontStyle, inherit); letter-spacing: var(--letterSpacing); text-transform: var(--textTransform);\">Donn\u00e9es bancaires<\/span><\/p><\/td><td><p><span style=\"font-weight: 400;\">Ex\u00e9cution du contrat entre Kaptiz et l\u2019Utilisateur pour cr\u00e9er et acc\u00e9der \u00e0 un compte<\/span><\/p><p><span style=\"font-weight: 400;\">Int\u00e9r\u00eat l\u00e9gitime<\/span><\/p><\/td><td><p><span style=\"font-weight: 400;\">Dur\u00e9e d\u2019ex\u00e9cution du contrat<\/span><\/p><p>\u00a0<\/p><p><span style=\"font-weight: 400;\">Pour les donn\u00e9es bancaires\u00a0: 13 \u00e0 15 mois en archives interm\u00e9diaires<\/span><\/p><\/td><\/tr><tr><td><p><span style=\"font-weight: 400;\">Gestion des demandes-formulaire de contact<\/span><\/p><\/td><td><p><span style=\"font-weight: 400;\">Nom<br \/><\/span><span style=\"font-size: inherit; text-align: inherit; background-color: var(--palettecolor8); color: var(--color); font-family: var(--fontFamily); font-style: var(--fontStyle, inherit); letter-spacing: var(--letterSpacing); text-transform: var(--textTransform);\">Pr\u00e9nom<br \/><\/span><span style=\"font-size: inherit; text-align: inherit; background-color: var(--palettecolor8); color: var(--color); font-family: var(--fontFamily); font-style: var(--fontStyle, inherit); letter-spacing: var(--letterSpacing); text-transform: var(--textTransform);\">Email<br \/><\/span><span style=\"font-size: inherit; text-align: inherit; background-color: var(--palettecolor8); color: var(--color); font-family: var(--fontFamily); font-style: var(--fontStyle, inherit); letter-spacing: var(--letterSpacing); text-transform: var(--textTransform);\">Commentaire<\/span><\/p><\/td><td><p><span style=\"font-weight: 400;\">Ex\u00e9cution du contrat et int\u00e9r\u00eat l\u00e9gitime<\/span><\/p><\/td><td><p><span style=\"font-weight: 400;\">Dur\u00e9e de la r\u00e9solution de la demande<\/span><\/p><\/td><\/tr><tr><td><p><span style=\"font-weight: 400;\">R\u00e9ponse aux demandes des autorit\u00e9s administratives et judiciaires<\/span><\/p><\/td><td><p><span style=\"font-weight: 400;\">Adresse IP<br \/><\/span><span style=\"font-size: inherit; text-align: inherit; background-color: var(--palettecolor8); color: var(--color); font-family: var(--fontFamily); font-style: var(--fontStyle, inherit); letter-spacing: var(--letterSpacing); text-transform: var(--textTransform);\">User agent<\/span><\/p><\/td><td><p><span style=\"font-weight: 400;\">Obligation l\u00e9gale<\/span><\/p><\/td><td><p><span style=\"font-weight: 400;\">1 an \u00e0 compter de la communication des donn\u00e9es + 3 ans en cas de proc\u00e9dure judiciaire<\/span><\/p><\/td><\/tr><tr><td><p><span style=\"font-weight: 400;\">Gestion de la comptabilit\u00e9<\/span><\/p><\/td><td><p><span style=\"font-weight: 400;\">Informations figurant sur le bon de commande, facture<\/span><\/p><\/td><td><p><span style=\"font-weight: 400;\">Obligation l\u00e9gale<\/span><\/p><\/td><td><p><span style=\"font-weight: 400;\">10 ans<\/span><\/p><\/td><\/tr><tr><td><p><span style=\"font-weight: 400;\">Mesures d\u2019audience, am\u00e9lioration des services<\/span><\/p><\/td><td><p><span style=\"font-weight: 400;\">Donn\u00e9es de connexion (Adresse IP, URL, pays, heure, fournisseur d\u2019acc\u00e8s internet)<\/span><\/p><p><span style=\"font-weight: 400;\">Donn\u00e9es de navigation et d\u2019utilisation<\/span><\/p><\/td><td><p><span style=\"font-weight: 400;\">Int\u00e9r\u00eat l\u00e9gitime afin d\u2019offrir aux utilisateurs un meilleur service<\/span><\/p><\/td><td><p><span style=\"font-weight: 400;\">Anonymisation<\/span><\/p><\/td><\/tr><tr><td><p><span style=\"font-weight: 400;\">S\u00e9curit\u00e9<\/span><\/p><\/td><td><p><span style=\"font-weight: 400;\">Donn\u00e9es de navigation<\/span><\/p><p><span style=\"font-weight: 400;\">Donn\u00e9es techniques (Adresse IP)<\/span><\/p><\/td><td><p><span style=\"font-weight: 400;\">Int\u00e9r\u00eat l\u00e9gitime<\/span><\/p><\/td><td><p><span style=\"font-weight: 400;\">Pas de conservation<\/span><\/p><\/td><\/tr><\/tbody><\/table>\t\t\t\t\t\t<\/div>\n\t\t\t\t<\/div>\n\t\t\t\t<div class=\"elementor-element elementor-element-07dcdbc elementor-widget elementor-widget-text-editor\" data-id=\"07dcdbc\" data-element_type=\"widget\" data-widget_type=\"text-editor.default\">\n\t\t\t\t<div class=\"elementor-widget-container\">\n\t\t\t\t\t\t\t<p><span style=\"font-weight: 400;\">En r\u00e8gle g\u00e9n\u00e9rale, lors de l\u2019archivage d\u2019un projet, toutes les donn\u00e9es sont imm\u00e9diatement supprim\u00e9es, \u00e0 l\u2019exception des acc\u00e8s des animateurs. Les dur\u00e9es indiqu\u00e9es ci-dessus sont des dates limites, les donn\u00e9es pourront \u00eatre supprim\u00e9es avant si n\u00e9cessaire.<br \/><\/span><\/p><p>Le recueil de ces donn\u00e9es est obligatoire au bon fonctionnement du site et au bon d\u00e9roulement du contrat. Il vous sera indiqu\u00e9 lorsque la collecte de ces donn\u00e9es n\u2019est pas obligatoire. En cas de non-fourniture, la prestation ne pourra pas \u00eatre effectu\u00e9e.<\/p><p>Les donn\u00e9es collect\u00e9es sont h\u00e9berg\u00e9es en France (Voir Mention L\u00e9gales). En cas d\u2019inactivit\u00e9, le compte et ses donn\u00e9es seront supprim\u00e9s dans les 365 jours suivants la derni\u00e8re activit\u00e9, \u00e0 l\u2019exception des donn\u00e9es n\u00e9cessaires \u00e0 la tenue de la comptabilit\u00e9 qui seront conserv\u00e9es 10 ans.<\/p><p><span style=\"font-weight: 400;\">\u00a0<\/span><\/p>\t\t\t\t\t\t<\/div>\n\t\t\t\t<\/div>\n\t\t\t\t\t<\/div>\n\t\t\t\t<\/div>\n\t\t<div class=\"elementor-element elementor-element-79c26c2 e-con-boxed e-flex e-con\" data-id=\"79c26c2\" data-element_type=\"container\" data-settings=\"{&quot;content_width&quot;:&quot;boxed&quot;}\">\n\t\t\t\t\t<div class=\"e-con-inner\">\n\t\t\t\t<div class=\"elementor-element elementor-element-372c71d elementor-widget elementor-widget-heading\" data-id=\"372c71d\" data-element_type=\"widget\" data-widget_type=\"heading.default\">\n\t\t\t\t<div class=\"elementor-widget-container\">\n\t\t\t<p class=\"elementor-heading-title elementor-size-default\">4. Donn\u00e9es collect\u00e9es en tant que sous-traitant sur les participants \u00e0 un \u00e9v\u00e8nement<\/p>\t\t<\/div>\n\t\t\t\t<\/div>\n\t\t\t\t<div class=\"elementor-element elementor-element-b5bd77f elementor-widget elementor-widget-image\" data-id=\"b5bd77f\" data-element_type=\"widget\" data-widget_type=\"image.default\">\n\t\t\t\t<div class=\"elementor-widget-container\">\n\t\t\t\t\t\t\t\t\t\t\t\t\t\t\t<img loading=\"lazy\" decoding=\"async\" width=\"309\" height=\"20\" src=\"https:\/\/dev.evopps.fr\/wp-content\/uploads\/2023\/05\/Rectangle-136.png\" class=\"attachment-large size-large wp-image-184\" alt=\"barre_bleu\" srcset=\"https:\/\/dev.evopps.fr\/wp-content\/uploads\/2023\/05\/Rectangle-136.png 309w, https:\/\/dev.evopps.fr\/wp-content\/uploads\/2023\/05\/Rectangle-136-300x19.png 300w\" sizes=\"auto, (max-width: 309px) 100vw, 309px\" \/>\t\t\t\t\t\t\t\t\t\t\t\t\t\t\t<\/div>\n\t\t\t\t<\/div>\n\t\t\t\t<div class=\"elementor-element elementor-element-cb6d769 elementor-widget elementor-widget-text-editor\" data-id=\"cb6d769\" data-element_type=\"widget\" data-widget_type=\"text-editor.default\">\n\t\t\t\t<div class=\"elementor-widget-container\">\n\t\t\t\t\t\t\t<p><span style=\"font-weight: 400;\">En tant que sous-traitant des organisateurs d\u2019un \u00e9v\u00e8nement, Kaptiz collecte et traite les donn\u00e9es demand\u00e9es par l\u2019organisateur aux participants pour l\u2019\u00e9v\u00e8nement.<br \/><br \/>Dans le cas de Kaptiz Check-in, les donn\u00e9es utilis\u00e9es sont celles saisies lors de votre participation \u00e0 un \u00e9v\u00e8nement. Leur collecte permet l\u2019\u00e9dition d\u2019une attestation de suivi\/pr\u00e9sence \u00e0 l\u2019\u00e9v\u00e8nement t\u00e9l\u00e9chargeable par la personne concern\u00e9e pendant une p\u00e9riode pr\u00e9d\u00e9finie. <\/span><\/p>\t\t\t\t\t\t<\/div>\n\t\t\t\t<\/div>\n\t\t\t\t\t<\/div>\n\t\t\t\t<\/div>\n\t\t<div class=\"elementor-element elementor-element-14ca8ae e-con-boxed e-flex e-con\" data-id=\"14ca8ae\" data-element_type=\"container\" data-settings=\"{&quot;content_width&quot;:&quot;boxed&quot;}\">\n\t\t\t\t\t<div class=\"e-con-inner\">\n\t\t\t\t<div class=\"elementor-element elementor-element-023da49 elementor-widget elementor-widget-heading\" data-id=\"023da49\" data-element_type=\"widget\" data-widget_type=\"heading.default\">\n\t\t\t\t<div class=\"elementor-widget-container\">\n\t\t\t<p class=\"elementor-heading-title elementor-size-default\">5. destinataires des donn\u00e9es personnelles<\/p>\t\t<\/div>\n\t\t\t\t<\/div>\n\t\t\t\t<div class=\"elementor-element elementor-element-e92353f elementor-widget elementor-widget-image\" data-id=\"e92353f\" data-element_type=\"widget\" data-widget_type=\"image.default\">\n\t\t\t\t<div class=\"elementor-widget-container\">\n\t\t\t\t\t\t\t\t\t\t\t\t\t\t\t<img loading=\"lazy\" decoding=\"async\" width=\"309\" height=\"20\" src=\"https:\/\/dev.evopps.fr\/wp-content\/uploads\/2023\/05\/Rectangle-136.png\" class=\"attachment-large size-large wp-image-184\" alt=\"barre_bleu\" srcset=\"https:\/\/dev.evopps.fr\/wp-content\/uploads\/2023\/05\/Rectangle-136.png 309w, https:\/\/dev.evopps.fr\/wp-content\/uploads\/2023\/05\/Rectangle-136-300x19.png 300w\" sizes=\"auto, (max-width: 309px) 100vw, 309px\" \/>\t\t\t\t\t\t\t\t\t\t\t\t\t\t\t<\/div>\n\t\t\t\t<\/div>\n\t\t\t\t<div class=\"elementor-element elementor-element-e1bf821 elementor-widget elementor-widget-text-editor\" data-id=\"e1bf821\" data-element_type=\"widget\" data-widget_type=\"text-editor.default\">\n\t\t\t\t<div class=\"elementor-widget-container\">\n\t\t\t\t\t\t\t<p>Pour la r\u00e9alisation des finalit\u00e9s pr\u00e9cit\u00e9es, vos donn\u00e9es sont susceptibles d\u2019\u00eatre communiqu\u00e9es int\u00e9gralement ou en partie :<\/p><ul><li>Aux tiers l\u00e9galement habilit\u00e9s (ex : autorit\u00e9s de police dans le cadre des r\u00e9quisitions judiciaires);<\/li><li>Aux sous-traitants en charge des prestations de conception, administration, de maintenance et d\u2019h\u00e9bergement. <span style=\"font-weight: 400;\">Ces sous-traitants respectent la r\u00e9glementation applicable en mati\u00e8re de traitement de donn\u00e9es.\u00a0<\/span>Liste ST si possible (OVH, CRISP) &#8230;<\/li><\/ul>\t\t\t\t\t\t<\/div>\n\t\t\t\t<\/div>\n\t\t\t\t\t<\/div>\n\t\t\t\t<\/div>\n\t\t<div class=\"elementor-element elementor-element-7c96a8f e-con-boxed e-flex e-con\" data-id=\"7c96a8f\" data-element_type=\"container\" data-settings=\"{&quot;content_width&quot;:&quot;boxed&quot;}\">\n\t\t\t\t\t<div class=\"e-con-inner\">\n\t\t\t\t<div class=\"elementor-element elementor-element-646c8c5 elementor-widget elementor-widget-heading\" data-id=\"646c8c5\" data-element_type=\"widget\" data-widget_type=\"heading.default\">\n\t\t\t\t<div class=\"elementor-widget-container\">\n\t\t\t<p class=\"elementor-heading-title elementor-size-default\">6. s\u00e9curit\u00e9 des donn\u00e9es personnelles<\/p>\t\t<\/div>\n\t\t\t\t<\/div>\n\t\t\t\t<div class=\"elementor-element elementor-element-93dd551 elementor-widget elementor-widget-image\" data-id=\"93dd551\" data-element_type=\"widget\" data-widget_type=\"image.default\">\n\t\t\t\t<div class=\"elementor-widget-container\">\n\t\t\t\t\t\t\t\t\t\t\t\t\t\t\t<img loading=\"lazy\" decoding=\"async\" width=\"309\" height=\"20\" src=\"https:\/\/dev.evopps.fr\/wp-content\/uploads\/2023\/05\/Rectangle-136.png\" class=\"attachment-large size-large wp-image-184\" alt=\"barre_bleu\" srcset=\"https:\/\/dev.evopps.fr\/wp-content\/uploads\/2023\/05\/Rectangle-136.png 309w, https:\/\/dev.evopps.fr\/wp-content\/uploads\/2023\/05\/Rectangle-136-300x19.png 300w\" sizes=\"auto, (max-width: 309px) 100vw, 309px\" \/>\t\t\t\t\t\t\t\t\t\t\t\t\t\t\t<\/div>\n\t\t\t\t<\/div>\n\t\t\t\t<div class=\"elementor-element elementor-element-7805c91 elementor-widget elementor-widget-text-editor\" data-id=\"7805c91\" data-element_type=\"widget\" data-widget_type=\"text-editor.default\">\n\t\t\t\t<div class=\"elementor-widget-container\">\n\t\t\t\t\t\t\t<p class=\"has-palette-color-3-color has-text-color\"><span style=\"font-weight: 400;\">Le Responsable de traitement prend des mesures de s\u00e9curit\u00e9 techniques et organisationnelles afin d\u2019assurer la s\u00e9curit\u00e9 et la confidentialit\u00e9 des donn\u00e9es et ainsi les prot\u00e9ger contre tout acc\u00e8s non autoris\u00e9, alt\u00e9ration, divulgation, utilisation abusive ou perte. Pour assurer la s\u00e9curit\u00e9 des donn\u00e9es, le Responsable de traitement a recours aux mesures suivantes\u00a0 :<br \/><\/span><\/p><ul><li style=\"font-weight: 400;\" aria-level=\"1\"><span style=\"font-weight: 400;\">Connexion\/mot de passe<\/span><\/li><li style=\"font-weight: 400;\" aria-level=\"1\"><span style=\"font-weight: 400;\">Pare-feu<\/span><\/li><li style=\"font-weight: 400;\" aria-level=\"1\"><span style=\"font-weight: 400;\">Sauvegarde informatique<\/span><\/li><li style=\"font-weight: 400;\" aria-level=\"1\"><span style=\"font-weight: 400;\">Gestion des acc\u00e8s<\/span><\/li><li style=\"font-weight: 400;\" aria-level=\"1\"><span style=\"font-weight: 400;\">&#8230;<\/span><\/li><\/ul><p class=\"has-palette-color-3-color has-text-color\"><span style=\"font-weight: 400;\">\u00a0<\/span><\/p>\t\t\t\t\t\t<\/div>\n\t\t\t\t<\/div>\n\t\t\t\t\t<\/div>\n\t\t\t\t<\/div>\n\t\t<div class=\"elementor-element elementor-element-7744f9b e-con-boxed e-flex e-con\" data-id=\"7744f9b\" data-element_type=\"container\" data-settings=\"{&quot;content_width&quot;:&quot;boxed&quot;}\">\n\t\t\t\t\t<div class=\"e-con-inner\">\n\t\t\t\t<div class=\"elementor-element elementor-element-749a0ba elementor-widget elementor-widget-heading\" data-id=\"749a0ba\" data-element_type=\"widget\" data-widget_type=\"heading.default\">\n\t\t\t\t<div class=\"elementor-widget-container\">\n\t\t\t<p class=\"elementor-heading-title elementor-size-default\">7. droits des personnes concern\u00e9es<\/p>\t\t<\/div>\n\t\t\t\t<\/div>\n\t\t\t\t<div class=\"elementor-element elementor-element-be744d7 elementor-widget elementor-widget-image\" data-id=\"be744d7\" data-element_type=\"widget\" data-widget_type=\"image.default\">\n\t\t\t\t<div class=\"elementor-widget-container\">\n\t\t\t\t\t\t\t\t\t\t\t\t\t\t\t<img loading=\"lazy\" decoding=\"async\" width=\"309\" height=\"20\" src=\"https:\/\/dev.evopps.fr\/wp-content\/uploads\/2023\/05\/Rectangle-136.png\" class=\"attachment-large size-large wp-image-184\" alt=\"barre_bleu\" srcset=\"https:\/\/dev.evopps.fr\/wp-content\/uploads\/2023\/05\/Rectangle-136.png 309w, https:\/\/dev.evopps.fr\/wp-content\/uploads\/2023\/05\/Rectangle-136-300x19.png 300w\" sizes=\"auto, (max-width: 309px) 100vw, 309px\" \/>\t\t\t\t\t\t\t\t\t\t\t\t\t\t\t<\/div>\n\t\t\t\t<\/div>\n\t\t\t\t<div class=\"elementor-element elementor-element-f36bec7 elementor-widget elementor-widget-text-editor\" data-id=\"f36bec7\" data-element_type=\"widget\" data-widget_type=\"text-editor.default\">\n\t\t\t\t<div class=\"elementor-widget-container\">\n\t\t\t\t\t\t\t<p><span style=\"font-weight: 400;\">Conform\u00e9ment \u00e0 la r\u00e9glementation, vous pouvez acc\u00e9der aux donn\u00e9es vous concernant. Vous disposez \u00e9galement d\u2019un droit de rectification, d\u2019effacement et d\u2019opposition au traitement de ces donn\u00e9es.\u00a0<\/span><span style=\"font-size: inherit; text-align: inherit; background-color: var(--palettecolor8); color: var(--color); font-family: var(--fontFamily); font-style: var(--fontStyle, inherit); letter-spacing: var(--letterSpacing); text-transform: var(--textTransform);\">Vous pouvez \u00e9galement d\u00e9finir par \u00e9crit des directives relatives \u00e0 la conservation, \u00e0 l\u2019effacement et \u00e0 la communication de vos donn\u00e9es personnelles en cas de d\u00e9c\u00e8s.<br \/><br \/><span style=\"font-weight: 400;\">En vertu de la loi Informatique et Libert\u00e9s, en date du 6 janvier 1978, l\u2019Utilisateur dispose d\u2019un droit d\u2019acc\u00e8s, de rectification, d\u2019effacement et d\u2019opposition concernant ses donn\u00e9es personnelles. L\u2019utilisateur doit pour ce faire adresser une demande \u00e9crite \u00e0 l\u2019adresse e-mail\u00a0<\/span><a href=\"mailto:contact@kaptiz.fr\"><span style=\"font-weight: 400;\">contact@kaptiz.fr<\/span><\/a> <span style=\"font-weight: 400;\">en indiquant son identit\u00e9. En cas de doute sur celle-ci, il pourra \u00eatre demand\u00e9 \u00e0 l\u2019utilisateur une copie de la carte d\u2019identit\u00e9 avec signature du titulaire de la pi\u00e8ce. L\u2019utilisateur qui poss\u00e8de un compte peut exercer ses droits directement dans les param\u00e8tres.<\/span><br \/><br \/><span style=\"font-weight: 400;\">En cas d\u2019insatisfaction, vous pouvez introduire une r\u00e9clamation aupr\u00e8s de la CNIL \u00e0 l\u2019adresse CNIL, Service des plaintes, 3 place Fontenoy 75 334 Paris Cedex 7 ou d\u00e9poser une r\u00e9clamation sur le site de la CNIL <\/span><a href=\"https:\/\/www.cnil.fr\/fr\/plaintes\"><span style=\"font-weight: 400;\">https:\/\/www.cnil.fr\/fr\/plaintes<\/span><\/a><span style=\"font-weight: 400;\">.<\/span><br \/><\/span><\/p>\t\t\t\t\t\t<\/div>\n\t\t\t\t<\/div>\n\t\t\t\t\t<\/div>\n\t\t\t\t<\/div>\n\t\t<div class=\"elementor-element elementor-element-b9f24b8 e-con-boxed e-flex e-con\" data-id=\"b9f24b8\" data-element_type=\"container\" data-settings=\"{&quot;content_width&quot;:&quot;boxed&quot;}\">\n\t\t\t\t\t<div class=\"e-con-inner\">\n\t\t\t\t<div class=\"elementor-element elementor-element-81ad996 elementor-widget elementor-widget-heading\" data-id=\"81ad996\" data-element_type=\"widget\" data-widget_type=\"heading.default\">\n\t\t\t\t<div class=\"elementor-widget-container\">\n\t\t\t<p class=\"elementor-heading-title elementor-size-default\">8. Les cookies<\/p>\t\t<\/div>\n\t\t\t\t<\/div>\n\t\t\t\t<div class=\"elementor-element elementor-element-b0aed71 elementor-widget elementor-widget-image\" data-id=\"b0aed71\" data-element_type=\"widget\" data-widget_type=\"image.default\">\n\t\t\t\t<div class=\"elementor-widget-container\">\n\t\t\t\t\t\t\t\t\t\t\t\t\t\t\t<img loading=\"lazy\" decoding=\"async\" width=\"309\" height=\"20\" src=\"https:\/\/dev.evopps.fr\/wp-content\/uploads\/2023\/05\/Rectangle-136.png\" class=\"attachment-large size-large wp-image-184\" alt=\"barre_bleu\" srcset=\"https:\/\/dev.evopps.fr\/wp-content\/uploads\/2023\/05\/Rectangle-136.png 309w, https:\/\/dev.evopps.fr\/wp-content\/uploads\/2023\/05\/Rectangle-136-300x19.png 300w\" sizes=\"auto, (max-width: 309px) 100vw, 309px\" \/>\t\t\t\t\t\t\t\t\t\t\t\t\t\t\t<\/div>\n\t\t\t\t<\/div>\n\t\t\t\t<div class=\"elementor-element elementor-element-945e0d4 elementor-widget elementor-widget-text-editor\" data-id=\"945e0d4\" data-element_type=\"widget\" data-widget_type=\"text-editor.default\">\n\t\t\t\t<div class=\"elementor-widget-container\">\n\t\t\t\t\t\t\t<h5 class=\"has-palette-color-3-color has-text-color\">a &#8211; Les fonctionnalit\u00e9s des cookies utilis\u00e9s sur le site internet<\/h5><p class=\"has-palette-color-3-color has-text-color\"><span style=\"font-weight: 400;\">Lors de la navigation sur le site internet, des outils de tra\u00e7age peuvent g\u00e9n\u00e9rer et d\u00e9poser un ou plusieurs cookie(s) sur votre terminal. Ils peuvent notamment faciliter votre navigation (ex. : m\u00e9morisation de votre identifiant), \u00e9tablir des statistiques et des mesures d\u2019audience afin d\u2019am\u00e9liorer le site internet.<\/span><\/p><ul><li class=\"has-palette-color-3-color has-text-color\"><strong>Les cookies fonctionnels<\/strong> <span style=\"font-weight: 400;\">\u00a0sont strictement n\u00e9cessaires \u00e0 la fourniture du service express\u00e9ment demand\u00e9 par l\u2019utilisateur et \u00e0 la navigation (ex. : acc\u00e8s \u00e0 votre cam\u00e9ra et micro, adaptation de l\u2019affichage \u00e0 votre terminal, choix de langue, acc\u00e8s \u00e0 un espace personnel, etc.). De fait, ils sont dispens\u00e9s du recueil de consentement et sont d\u00e9pos\u00e9s automatiquement sur votre ordinateur. <\/span><\/li><li class=\"has-palette-color-3-color has-text-color\"><strong>Les cookies analytiques<\/strong> <span style=\"font-weight: 400;\">permettent de g\u00e9n\u00e9rer des statistiques li\u00e9es l\u2019utilisation, la fr\u00e9quentation g\u00e9n\u00e9rale et la performance du site internet en vue de l\u2019am\u00e9liorer<\/span><\/li><li class=\"has-palette-color-3-color has-text-color\"><strong>Les cookies \u00ab tiers \u00bb de partage de contenu sur les r\u00e9seaux sociaux<\/strong> <span style=\"font-weight: 400;\">facilitent le partage du contenu du site internet sur les diff\u00e9rentes plateformes sociales. Ils sont d\u00e9pos\u00e9s via des boutons des r\u00e9seaux sociaux. Pour de plus amples informations sur l\u2019utilisation de vos donn\u00e9es, nous vous invitons \u00e0 consulter les politiques de protection des donn\u00e9es des r\u00e9seaux sociaux concern\u00e9s.<\/span><\/li><\/ul><h5 class=\"has-palette-color-3-color has-text-color\">b &#8211; Liste des cookies utilis\u00e9s et\/ou d\u00e9pos\u00e9s par notre site internet<\/h5><p class=\"has-palette-color-3-color has-text-color\"><span style=\"font-weight: 400;\">Dans le cadre de la mise en \u0153uvre du traitement relatif \u00e0 la communication externe, nous sommes amen\u00e9s \u00e0 utiliser diff\u00e9rents cookies.<\/span><\/p><p class=\"has-palette-color-3-color has-text-color\"><span style=\"font-weight: 400;\">La liste de ces derniers est accessible depuis une rubrique sp\u00e9cifique \u00ab Gestion des cookies \u00bb disponible au bas de chaque page du pr\u00e9sent site. Pour plus d\u2019information, nous vous invitons \u00e0 consulter la politique de gestion des donn\u00e9es mise en place par chaque \u00e9diteur d\u2019outils de tra\u00e7age (cookies).<\/span><\/p><h5 class=\"has-palette-color-3-color has-text-color\">c &#8211; G\u00e9rer les cookies<\/h5><p class=\"has-palette-color-3-color has-text-color\"><span style=\"font-weight: 400;\">Vous pouvez accepter, refuser ou exprimer vos pr\u00e9f\u00e9rences en mati\u00e8re de cookies directement via le bandeau d\u2019information et de recueil du consentement au d\u00e9p\u00f4t des cookies qui s\u2019affiche lors de votre premi\u00e8re visite sur le site. Vous pouvez \u00e9galement retirer votre accord \u00e0 tout moment.<br \/><\/span><\/p><p><span style=\"font-weight: 400;\">Vous pouvez param\u00e9trer vos cookies en allant\u00a0:\u00a0<\/span><\/p><ul><li style=\"font-weight: 400;\" aria-level=\"1\"><span style=\"font-weight: 400;\">Sous Internet Explorer : onglet outil (pictogramme en forme de rouage en haut \u00e0 droite) \/ options internet. Cliquez sur Confidentialit\u00e9 et choisissez Bloquer tous les cookies. Validez sur Ok.<\/span><\/li><\/ul><ul><li style=\"font-weight: 400;\" aria-level=\"1\"><span style=\"font-weight: 400;\">Sous Firefox : en haut de la fen\u00eatre du navigateur, cliquez sur le bouton Firefox, puis aller dans l\u2019onglet Options. Cliquer sur l\u2019onglet Vie priv\u00e9e. Param\u00e9trez les R\u00e8gles de conservation : utiliser les param\u00e8tres personnalis\u00e9s pour l\u2019historique. Enfin, d\u00e9cochez-la pour d\u00e9sactiver les cookies.<\/span><\/li><\/ul><ul><li style=\"font-weight: 400;\" aria-level=\"1\"><span style=\"font-weight: 400;\">Sous Safari : Cliquez en haut \u00e0 droite du navigateur sur le pictogramme de menu (symbolis\u00e9 par un rouage). S\u00e9lectionnez Param\u00e8tres. Cliquez sur Afficher les param\u00e8tres avanc\u00e9s. Dans la section \u00ab Confidentialit\u00e9 \u00bb, cliquez sur Param\u00e8tres de contenu. Dans la section \u00ab Cookies \u00bb, vous pouvez bloquer les cookies.<\/span><\/li><li><span style=\"font-weight: 400;\"><span style=\"font-weight: 400;\">Sous Chrome : S\u00e9lectionnez Param\u00e8tres. Cliquez sur Afficher les param\u00e8tres avanc\u00e9s. Dans la section \u00ab Confidentialit\u00e9 \u00bb, cliquez sur pr\u00e9f\u00e9rences. Dans l\u2019onglet \u00ab Confidentialit\u00e9 \u00bb, vous pouvez bloquer les cookies.<\/span><\/span><p><span style=\"font-weight: 400;\"><br \/>Le refus du d\u00e9p\u00f4t de cookies sociaux emp\u00eachera toute interaction avec les r\u00e9seaux sociaux. Le refus du d\u00e9p\u00f4t de cookies de ciblage ne permettra pas la visualisation de certains contenus multim\u00e9dias.<\/span><\/p><\/li><\/ul><p class=\"has-palette-color-3-color has-text-color\">\u00a0<\/p>\t\t\t\t\t\t<\/div>\n\t\t\t\t<\/div>\n\t\t\t\t\t<\/div>\n\t\t\t\t<\/div>\n\t\t<div class=\"elementor-element elementor-element-23cc14d e-con-boxed e-flex e-con\" data-id=\"23cc14d\" data-element_type=\"container\" data-settings=\"{&quot;content_width&quot;:&quot;boxed&quot;}\">\n\t\t\t\t\t<div class=\"e-con-inner\">\n\t\t\t\t<div class=\"elementor-element elementor-element-902952c elementor-widget elementor-widget-heading\" data-id=\"902952c\" data-element_type=\"widget\" data-widget_type=\"heading.default\">\n\t\t\t\t<div class=\"elementor-widget-container\">\n\t\t\t<p class=\"elementor-heading-title elementor-size-default\">9. La mise \u00e0 jour de la politique <\/p>\t\t<\/div>\n\t\t\t\t<\/div>\n\t\t\t\t<div class=\"elementor-element elementor-element-242a9d2 elementor-widget elementor-widget-image\" data-id=\"242a9d2\" data-element_type=\"widget\" data-widget_type=\"image.default\">\n\t\t\t\t<div class=\"elementor-widget-container\">\n\t\t\t\t\t\t\t\t\t\t\t\t\t\t\t<img loading=\"lazy\" decoding=\"async\" width=\"309\" height=\"20\" src=\"https:\/\/dev.evopps.fr\/wp-content\/uploads\/2023\/05\/Rectangle-136.png\" class=\"attachment-large size-large wp-image-184\" alt=\"barre_bleu\" srcset=\"https:\/\/dev.evopps.fr\/wp-content\/uploads\/2023\/05\/Rectangle-136.png 309w, https:\/\/dev.evopps.fr\/wp-content\/uploads\/2023\/05\/Rectangle-136-300x19.png 300w\" sizes=\"auto, (max-width: 309px) 100vw, 309px\" \/>\t\t\t\t\t\t\t\t\t\t\t\t\t\t\t<\/div>\n\t\t\t\t<\/div>\n\t\t\t\t<div class=\"elementor-element elementor-element-403c2de elementor-widget elementor-widget-text-editor\" data-id=\"403c2de\" data-element_type=\"widget\" data-widget_type=\"text-editor.default\">\n\t\t\t\t<div class=\"elementor-widget-container\">\n\t\t\t\t\t\t\t<p><span style=\"font-weight: 400;\">La pr\u00e9sente Politique de protection des donn\u00e9es \u00e0 caract\u00e8re personnel peut \u00eatre actualis\u00e9e, \u00e0 tout moment, en fonction des \u00e9volutions du traitement ou si la loi l\u2019exige. Les utilisateurs sont invit\u00e9s \u00e0 la consulter r\u00e9guli\u00e8rement.<\/span><\/p>\t\t\t\t\t\t<\/div>\n\t\t\t\t<\/div>\n\t\t\t\t\t<\/div>\n\t\t\t\t<\/div>\n\t\t\t\t\t\t\t<\/div>\n\t\t","protected":false},"excerpt":{"rendered":"<p>Politique de confidentialit\u00e9 Soucieux du respect de votre vie priv\u00e9e, la protection des donn\u00e9es personnelles est l\u2019une de nos pr\u00e9occupations majeures. Aussi la pr\u00e9sente politique a pour objectif de vous fournir une information concise et pertinente concernant les traitements de donn\u00e9es personnelles effectu\u00e9s pour la mise en \u0153uvre du site internet www.kaptiz.fr et pour les services qu\u2019il propose. 1. d\u00e9finitions Donn\u00e9es personnelles :\u00a0toute information relative \u00e0 une personne identifi\u00e9e ou identifiable directement ou indirectement (ci-apr\u00e8s, \u00ab donn\u00e9es \u00bb ou \u00ab donn\u00e9es personnelles \u00bb). Traitement de donn\u00e9es personnelles :\u00a0toute op\u00e9ration portant sur des donn\u00e9es personnelles telles que la collecte, l\u2019enregistrement, l\u2019extraction,\u2026<\/p>\n","protected":false},"author":4,"featured_media":0,"parent":0,"menu_order":0,"comment_status":"closed","ping_status":"closed","template":"","meta":{"footnotes":""},"class_list":["post-430","page","type-page","status-publish","hentry"],"blocksy_meta":"","_links":{"self":[{"href":"https:\/\/dev.evopps.fr\/index.php\/wp-json\/wp\/v2\/pages\/430","targetHints":{"allow":["GET"]}}],"collection":[{"href":"https:\/\/dev.evopps.fr\/index.php\/wp-json\/wp\/v2\/pages"}],"about":[{"href":"https:\/\/dev.evopps.fr\/index.php\/wp-json\/wp\/v2\/types\/page"}],"author":[{"embeddable":true,"href":"https:\/\/dev.evopps.fr\/index.php\/wp-json\/wp\/v2\/users\/4"}],"replies":[{"embeddable":true,"href":"https:\/\/dev.evopps.fr\/index.php\/wp-json\/wp\/v2\/comments?post=430"}],"version-history":[{"count":14,"href":"https:\/\/dev.evopps.fr\/index.php\/wp-json\/wp\/v2\/pages\/430\/revisions"}],"predecessor-version":[{"id":1339,"href":"https:\/\/dev.evopps.fr\/index.php\/wp-json\/wp\/v2\/pages\/430\/revisions\/1339"}],"wp:attachment":[{"href":"https:\/\/dev.evopps.fr\/index.php\/wp-json\/wp\/v2\/media?parent=430"}],"curies":[{"name":"wp","href":"https:\/\/api.w.org\/{rel}","templated":true}]}}